{"id":1485,"date":"2023-02-07T12:00:59","date_gmt":"2023-02-07T11:00:59","guid":{"rendered":"https:\/\/reciclajesymetalesperez.com\/second-hand-articles"},"modified":"2023-03-13T12:07:02","modified_gmt":"2023-03-13T12:07:02","slug":"second-hand-articles","status":"publish","type":"page","link":"https:\/\/reciclajesymetalesperez.com\/en\/second-hand-articles","title":{"rendered":"Second-hand articles"},"content":{"rendered":"\t\t<div data-elementor-type=\"wp-page\" data-elementor-id=\"1485\" class=\"elementor elementor-1485 elementor-556\">\n\t\t\t\t\t\t<section class=\"elementor-section elementor-top-section elementor-element elementor-element-1e28e2c3 elementor-reverse-mobile elementor-section-boxed elementor-section-height-default elementor-section-height-default elementor-invisible\" data-id=\"1e28e2c3\" data-element_type=\"section\" data-e-type=\"section\" data-settings=\"{&quot;background_background&quot;:&quot;classic&quot;,&quot;animation&quot;:&quot;fadeIn&quot;}\">\n\t\t\t\t\t\t\t<div class=\"elementor-background-overlay\"><\/div>\n\t\t\t\t\t\t\t<div class=\"elementor-container elementor-column-gap-default\">\n\t\t\t\t\t<div class=\"elementor-column elementor-col-100 elementor-top-column elementor-element elementor-element-47b07a30\" data-id=\"47b07a30\" data-element_type=\"column\" data-e-type=\"column\">\n\t\t\t<div class=\"elementor-widget-wrap elementor-element-populated\">\n\t\t\t\t\t\t<div class=\"elementor-element elementor-element-79a2bc0f elementor-icon-list--layout-inline elementor-list-item-link-inline elementor-align-center elementor-mobile-align-center elementor-widget__width-inherit elementor-invisible elementor-widget elementor-widget-icon-list\" data-id=\"79a2bc0f\" data-element_type=\"widget\" data-e-type=\"widget\" data-settings=\"{&quot;_animation&quot;:&quot;fadeInUp&quot;}\" data-widget_type=\"icon-list.default\">\n\t\t\t\t<div class=\"elementor-widget-container\">\n\t\t\t\t\t\t\t<ul class=\"elementor-icon-list-items elementor-inline-items\">\n\t\t\t\t\t\t\t<li class=\"elementor-icon-list-item elementor-inline-item\">\n\t\t\t\t\t\t\t\t\t\t\t<span class=\"elementor-icon-list-icon\">\n\t\t\t\t\t\t\t<svg xmlns=\"http:\/\/www.w3.org\/2000\/svg\" id=\"Capa_1\" viewBox=\"0 0 73 65\"><defs><style>.cls-1{fill:#fff;}<\/style><\/defs><path id=\"Icon_awesome-recycle\" class=\"cls-1\" d=\"m28.07,33.2c.23,1.02-.42,2.03-1.44,2.26-.48.11-.98.02-1.4-.24l-4.81-3-6,9.61c-1.1,1.77-.56,4.11,1.21,5.21.6.37,1.28.57,1.98.57h6.13c.79,0,1.42.64,1.42,1.42h0v4.71c0,.79-.64,1.42-1.42,1.42h-6.12c-6.26,0-11.33-5.09-11.33-11.35,0-2.12.6-4.2,1.72-5.99l6-9.6-4.8-3c-.88-.57-1.14-1.74-.57-2.62.26-.41.67-.7,1.14-.82l13.01-3c1.02-.23,2.03.4,2.26,1.41l3,13.01h0Zm11.63-21.59l4.87,7.8-4.81,3c-.88.57-1.14,1.74-.57,2.62.26.41.67.7,1.14.82l13.01,3c1.02.23,2.03-.4,2.26-1.41l3-13c.23-1.02-.42-2.03-1.44-2.26-.48-.11-.98-.02-1.4.24l-4.8,3-4.87-7.8c-3.32-5.31-10.31-6.91-15.62-3.59-1.45.91-2.68,2.14-3.59,3.59l-2.12,3.39c-.41.66-.21,1.53.45,1.95l4,2.5c.66.41,1.53.21,1.95-.45l2.12-3.39c1.11-1.77,3.45-2.3,5.21-1.19.48.3.88.71,1.18,1.18Zm25.27,26.21l-3.25-5.2c-.42-.66-1.29-.86-1.95-.45l-4,2.5c-.66.42-.86,1.29-.45,1.95l3.25,5.21c1.1,1.77.56,4.11-1.22,5.21-.59.37-1.28.57-1.98.57h-11.33v-5.66c0-1.05-.87-1.89-1.91-1.88-.49,0-.96.2-1.31.54l-9.44,9.44c-.74.74-.74,1.93,0,2.67l9.44,9.44c.75.73,1.95.72,2.68-.02.34-.35.54-.82.54-1.31v-5.66h11.31c6.26,0,11.33-5.09,11.32-11.35,0-2.12-.6-4.19-1.72-5.98Z\"><\/path><\/svg>\t\t\t\t\t\t<\/span>\n\t\t\t\t\t\t\t\t\t\t<span class=\"elementor-icon-list-text\"><\/span>\n\t\t\t\t\t\t\t\t\t<\/li>\n\t\t\t\t\t\t<\/ul>\n\t\t\t\t\t\t<\/div>\n\t\t\t\t<\/div>\n\t\t\t\t<div class=\"elementor-element elementor-element-3b62ad72 elementor-invisible elementor-widget elementor-widget-heading\" data-id=\"3b62ad72\" data-element_type=\"widget\" data-e-type=\"widget\" data-settings=\"{&quot;_animation&quot;:&quot;fadeInUp&quot;}\" data-widget_type=\"heading.default\">\n\t\t\t\t<div class=\"elementor-widget-container\">\n\t\t\t\t\t<h1 class=\"elementor-heading-title elementor-size-default\">SECOND-HAND ITEMS<\/h1>\t\t\t\t<\/div>\n\t\t\t\t<\/div>\n\t\t\t\t<div class=\"elementor-element elementor-element-21214c3f elementor-invisible elementor-widget elementor-widget-text-editor\" data-id=\"21214c3f\" data-element_type=\"widget\" data-e-type=\"widget\" data-settings=\"{&quot;_animation&quot;:&quot;fadeInUp&quot;}\" data-widget_type=\"text-editor.default\">\n\t\t\t\t<div class=\"elementor-widget-container\">\n\t\t\t\t\t\t\t\t\t<p>Exhibition\u2019s items you would never expect to find<\/p>\n\t\t\t\t\t\t\t\t<\/div>\n\t\t\t\t<\/div>\n\t\t\t\t\t<\/div>\n\t\t<\/div>\n\t\t\t\t\t<\/div>\n\t\t<\/section>\n\t\t\t\t<section class=\"elementor-section elementor-top-section elementor-element elementor-element-74c956dc elementor-section-boxed elementor-section-height-default elementor-section-height-default\" data-id=\"74c956dc\" data-element_type=\"section\" data-e-type=\"section\">\n\t\t\t\t\t\t<div class=\"elementor-container elementor-column-gap-default\">\n\t\t\t\t\t<div class=\"elementor-column elementor-col-66 elementor-top-column elementor-element elementor-element-2477ff4d\" data-id=\"2477ff4d\" data-element_type=\"column\" data-e-type=\"column\">\n\t\t\t<div class=\"elementor-widget-wrap elementor-element-populated\">\n\t\t\t\t\t\t<div class=\"elementor-element elementor-element-3140f3a7 elementor-invisible elementor-widget elementor-widget-heading\" data-id=\"3140f3a7\" data-element_type=\"widget\" data-e-type=\"widget\" data-settings=\"{&quot;_animation&quot;:&quot;fadeInUp&quot;}\" data-widget_type=\"heading.default\">\n\t\t\t\t<div class=\"elementor-widget-container\">\n\t\t\t\t\t<h2 class=\"elementor-heading-title elementor-size-default\"><a href=\"#\">Second-hand articles \nin Mallorca\n<\/a><\/h2>\t\t\t\t<\/div>\n\t\t\t\t<\/div>\n\t\t\t\t<div class=\"elementor-element elementor-element-2c674019 elementor-invisible elementor-widget elementor-widget-text-editor\" data-id=\"2c674019\" data-element_type=\"widget\" data-e-type=\"widget\" data-settings=\"{&quot;_animation&quot;:&quot;fadeInUp&quot;}\" data-widget_type=\"text-editor.default\">\n\t\t\t\t<div class=\"elementor-widget-container\">\n\t\t\t\t\t\t\t\t\t<p>Recycling we all win. That&#8217;s why in our exhibition of second-hand items in Mallorca you will find unique pieces. Feel like you are in a flea market and browse through our large space in search of items of all kinds. We have furniture, metals, antique machines, vintage pieces&#8230; come and meet us!<\/p>\n<p>We give a second life to an infinite number of second-hand items in Mallorca. All of them come from homes, estates, hotels, warehouses, and different companies. At Metales P\u00e9rez we take care of collecting them to offer them to all the customers who visit us at the Pol\u00edgono Son Castell\u00f3, industrial estate, in Palma. <\/p>\n\t\t\t\t\t\t\t\t<\/div>\n\t\t\t\t<\/div>\n\t\t\t\t<div class=\"elementor-element elementor-element-4f1e5412 elementor-invisible elementor-widget elementor-widget-image\" data-id=\"4f1e5412\" data-element_type=\"widget\" data-e-type=\"widget\" data-settings=\"{&quot;_animation&quot;:&quot;fadeInUp&quot;}\" data-widget_type=\"image.default\">\n\t\t\t\t<div class=\"elementor-widget-container\">\n\t\t\t\t\t\t\t\t\t\t\t\t\t\t\t<img fetchpriority=\"high\" decoding=\"async\" width=\"2560\" height=\"1707\" src=\"https:\/\/reciclajesymetalesperez.com\/wp-content\/uploads\/2023\/02\/Metales_perez_autodesguace_mallorca-37-scaled.jpg\" class=\"attachment-full size-full wp-image-1392\" alt=\"\" srcset=\"https:\/\/reciclajesymetalesperez.com\/wp-content\/uploads\/2023\/02\/Metales_perez_autodesguace_mallorca-37-scaled.jpg 2560w, https:\/\/reciclajesymetalesperez.com\/wp-content\/uploads\/2023\/02\/Metales_perez_autodesguace_mallorca-37-300x200.jpg 300w, https:\/\/reciclajesymetalesperez.com\/wp-content\/uploads\/2023\/02\/Metales_perez_autodesguace_mallorca-37-1024x683.jpg 1024w, https:\/\/reciclajesymetalesperez.com\/wp-content\/uploads\/2023\/02\/Metales_perez_autodesguace_mallorca-37-768x512.jpg 768w, https:\/\/reciclajesymetalesperez.com\/wp-content\/uploads\/2023\/02\/Metales_perez_autodesguace_mallorca-37-1536x1024.jpg 1536w, https:\/\/reciclajesymetalesperez.com\/wp-content\/uploads\/2023\/02\/Metales_perez_autodesguace_mallorca-37-2048x1365.jpg 2048w\" sizes=\"(max-width: 2560px) 100vw, 2560px\" \/>\t\t\t\t\t\t\t\t\t\t\t\t\t\t\t<\/div>\n\t\t\t\t<\/div>\n\t\t\t\t<div class=\"elementor-element elementor-element-1eb7254 elementor-invisible elementor-widget elementor-widget-text-editor\" data-id=\"1eb7254\" data-element_type=\"widget\" data-e-type=\"widget\" data-settings=\"{&quot;_animation&quot;:&quot;fadeInUp&quot;}\" data-widget_type=\"text-editor.default\">\n\t\t\t\t<div class=\"elementor-widget-container\">\n\t\t\t\t\t\t\t\t\t<p><strong>A second-hand market full of second-hand items in Palma<\/strong><br \/>At Metales P\u00e9rez we recycle all kinds of scrap and metals. But we also have items whose best form of recycling is their reuse. Old bicycles, vintage vending machines, wheels, drums&#8230; We have an exhibition of second-hand items in Mallorca that we are sure will surprise you.<\/p>\n<p>Whether it&#8217;s that specific piece you needed or simply because our flea market inspires you to decorate with antique items, stroll through our facilities in search of your hidden treasure. Every day we are visited by hundreds of people who find the most unexpected second-hand piece&#8230; but perfect!<\/p>\n<p>Find your bargain at our second-hand market in Palma. Contribute with us to the recycling of materials, vital for the environment on an island like Mallorca. Join the reuse bandwagon and, above all, find what you are looking for at Metales P\u00e9rez. More than 40 years in the sector guarantee our experience and professionalism.<br \/>We are open from Monday to Saturday. More information on +34 971 43 49 88 or on our CONTACT page.<\/p>\n\t\t\t\t\t\t\t\t<\/div>\n\t\t\t\t<\/div>\n\t\t\t\t<div class=\"elementor-element elementor-element-2e0466c elementor-widget elementor-widget-button\" data-id=\"2e0466c\" data-element_type=\"widget\" data-e-type=\"widget\" data-widget_type=\"button.default\">\n\t\t\t\t<div class=\"elementor-widget-container\">\n\t\t\t\t\t\t\t\t\t<div class=\"elementor-button-wrapper\">\n\t\t\t\t\t<a class=\"elementor-button elementor-button-link elementor-size-sm\" href=\"http:\/\/reciclajesymetalesperez.com\/contacto\">\n\t\t\t\t\t\t<span class=\"elementor-button-content-wrapper\">\n\t\t\t\t\t\t<span class=\"elementor-button-icon\">\n\t\t\t\t<i aria-hidden=\"true\" class=\"fas fa-angle-right\"><\/i>\t\t\t<\/span>\n\t\t\t\t\t\t\t\t\t<span class=\"elementor-button-text\">CONTACT US <\/span>\n\t\t\t\t\t<\/span>\n\t\t\t\t\t<\/a>\n\t\t\t\t<\/div>\n\t\t\t\t\t\t\t\t<\/div>\n\t\t\t\t<\/div>\n\t\t\t\t\t<\/div>\n\t\t<\/div>\n\t\t\t\t<div class=\"elementor-column elementor-col-33 elementor-top-column elementor-element elementor-element-edc18b7\" data-id=\"edc18b7\" data-element_type=\"column\" data-e-type=\"column\">\n\t\t\t<div class=\"elementor-widget-wrap elementor-element-populated\">\n\t\t\t\t\t\t<div class=\"elementor-element elementor-element-9cce672 elementor-invisible elementor-widget elementor-widget-heading\" data-id=\"9cce672\" data-element_type=\"widget\" data-e-type=\"widget\" data-settings=\"{&quot;_animation&quot;:&quot;fadeInUp&quot;}\" data-widget_type=\"heading.default\">\n\t\t\t\t<div class=\"elementor-widget-container\">\n\t\t\t\t\t<h5 class=\"elementor-heading-title elementor-size-default\">OTHER SERVICES<\/h5>\t\t\t\t<\/div>\n\t\t\t\t<\/div>\n\t\t\t\t<div class=\"elementor-element elementor-element-a6c3fea ekit-equal-height-disable elementor-invisible elementor-widget elementor-widget-elementskit-icon-box\" data-id=\"a6c3fea\" data-element_type=\"widget\" data-e-type=\"widget\" data-settings=\"{&quot;_animation&quot;:&quot;fadeInRight&quot;}\" data-widget_type=\"elementskit-icon-box.default\">\n\t\t\t\t<div class=\"elementor-widget-container\">\n\t\t\t\t\t<div class=\"ekit-wid-con\" >        <!-- link opening -->\n                <!-- end link opening -->\n\n        <div class=\"elementskit-infobox text-center text-center icon-top-align elementor-animation-  gradient-active image-active hover_from_left\">\n                            <div class=\"elementskit-box-header\">\n                <div class=\"elementskit-info-box-icon \">\n                    <img decoding=\"async\" width=\"73\" height=\"65\" src=\"https:\/\/reciclajesymetalesperez.com\/wp-content\/uploads\/2023\/02\/Mesa-de-trabajo-1-copia-5.svg\" class=\"attachment- size-\" alt=\"\" \/>                <\/div>\n          <\/div>\n                <div class=\"box-body\">\n                            <h3 class=\"elementskit-info-box-title\">\n                    Vehicle deregistration                <\/h3>\n                                                    <div class=\"box-footer disable_hover_button\">\n                    <div class=\"btn-wraper\">\n                                                            <a class=\"elementskit-btn whitespace--normal\" href=\"http:\/\/reciclajesymetalesperez.com\/tramitacion-de-baja-de-vehiculos\">\n                                        LEARN MORE                                        <i aria-hidden=\"true\" class=\"fas fa-arrow-right\"><\/i>                                    <\/a>\n                                                        <\/div>\n                <\/div>\n                    <\/div>\n        \n                    <figure class=\"image-hover\"><img decoding=\"async\" width=\"2560\" height=\"1707\" src=\"https:\/\/reciclajesymetalesperez.com\/wp-content\/uploads\/2023\/02\/Metales_perez_Corporativo-21-scaled.jpg\" class=\"attachment- size-\" alt=\"\" srcset=\"https:\/\/reciclajesymetalesperez.com\/wp-content\/uploads\/2023\/02\/Metales_perez_Corporativo-21-scaled.jpg 2560w, https:\/\/reciclajesymetalesperez.com\/wp-content\/uploads\/2023\/02\/Metales_perez_Corporativo-21-300x200.jpg 300w, https:\/\/reciclajesymetalesperez.com\/wp-content\/uploads\/2023\/02\/Metales_perez_Corporativo-21-1024x683.jpg 1024w, https:\/\/reciclajesymetalesperez.com\/wp-content\/uploads\/2023\/02\/Metales_perez_Corporativo-21-768x512.jpg 768w, https:\/\/reciclajesymetalesperez.com\/wp-content\/uploads\/2023\/02\/Metales_perez_Corporativo-21-1536x1024.jpg 1536w, https:\/\/reciclajesymetalesperez.com\/wp-content\/uploads\/2023\/02\/Metales_perez_Corporativo-21-2048x1365.jpg 2048w\" sizes=\"(max-width: 2560px) 100vw, 2560px\" \/><\/figure>        \n                <\/div>\n        <\/div>\t\t\t\t<\/div>\n\t\t\t\t<\/div>\n\t\t\t\t<div class=\"elementor-element elementor-element-19a8e0f ekit-equal-height-disable elementor-invisible elementor-widget elementor-widget-elementskit-icon-box\" data-id=\"19a8e0f\" data-element_type=\"widget\" data-e-type=\"widget\" data-settings=\"{&quot;_animation&quot;:&quot;fadeInLeft&quot;}\" data-widget_type=\"elementskit-icon-box.default\">\n\t\t\t\t<div class=\"elementor-widget-container\">\n\t\t\t\t\t<div class=\"ekit-wid-con\" >        <!-- link opening -->\n                <!-- end link opening -->\n\n        <div class=\"elementskit-infobox text-center text-center icon-top-align elementor-animation-  gradient-active image-active hover_from_left\">\n                            <div class=\"elementskit-box-header\">\n                <div class=\"elementskit-info-box-icon \">\n                    <img loading=\"lazy\" decoding=\"async\" width=\"73\" height=\"65\" src=\"https:\/\/reciclajesymetalesperez.com\/wp-content\/uploads\/2023\/02\/Mesa-de-trabajo-1-copia.svg\" class=\"attachment- size-\" alt=\"\" \/>                <\/div>\n          <\/div>\n                <div class=\"box-body\">\n                            <h3 class=\"elementskit-info-box-title\">\n                    Buying and selling of metals and scrap metals                <\/h3>\n                                                    <div class=\"box-footer disable_hover_button\">\n                    <div class=\"btn-wraper\">\n                                                            <a class=\"elementskit-btn whitespace--normal\" href=\"http:\/\/reciclajesymetalesperez.com\/compraventa-de-metales\">\n                                        LEARN MORE                                        <i aria-hidden=\"true\" class=\"fas fa-arrow-right\"><\/i>                                    <\/a>\n                                                        <\/div>\n                <\/div>\n                    <\/div>\n        \n                    <figure class=\"image-hover\"><img loading=\"lazy\" decoding=\"async\" width=\"2560\" height=\"1710\" src=\"https:\/\/reciclajesymetalesperez.com\/wp-content\/uploads\/2023\/02\/metal-scrap-for-industry-waste-recycling-iron-ste-2022-12-16-02-17-47-utc-1-scaled.jpg\" class=\"attachment- size-\" alt=\"\" srcset=\"https:\/\/reciclajesymetalesperez.com\/wp-content\/uploads\/2023\/02\/metal-scrap-for-industry-waste-recycling-iron-ste-2022-12-16-02-17-47-utc-1-scaled.jpg 2560w, https:\/\/reciclajesymetalesperez.com\/wp-content\/uploads\/2023\/02\/metal-scrap-for-industry-waste-recycling-iron-ste-2022-12-16-02-17-47-utc-1-300x200.jpg 300w, https:\/\/reciclajesymetalesperez.com\/wp-content\/uploads\/2023\/02\/metal-scrap-for-industry-waste-recycling-iron-ste-2022-12-16-02-17-47-utc-1-1024x684.jpg 1024w, https:\/\/reciclajesymetalesperez.com\/wp-content\/uploads\/2023\/02\/metal-scrap-for-industry-waste-recycling-iron-ste-2022-12-16-02-17-47-utc-1-768x513.jpg 768w, https:\/\/reciclajesymetalesperez.com\/wp-content\/uploads\/2023\/02\/metal-scrap-for-industry-waste-recycling-iron-ste-2022-12-16-02-17-47-utc-1-1536x1026.jpg 1536w, https:\/\/reciclajesymetalesperez.com\/wp-content\/uploads\/2023\/02\/metal-scrap-for-industry-waste-recycling-iron-ste-2022-12-16-02-17-47-utc-1-2048x1368.jpg 2048w\" sizes=\"(max-width: 2560px) 100vw, 2560px\" \/><\/figure>        \n                <\/div>\n        <\/div>\t\t\t\t<\/div>\n\t\t\t\t<\/div>\n\t\t\t\t<div class=\"elementor-element elementor-element-d692df0 ekit-equal-height-disable elementor-invisible elementor-widget elementor-widget-elementskit-icon-box\" data-id=\"d692df0\" data-element_type=\"widget\" data-e-type=\"widget\" data-settings=\"{&quot;_animation&quot;:&quot;fadeInLeft&quot;}\" data-widget_type=\"elementskit-icon-box.default\">\n\t\t\t\t<div class=\"elementor-widget-container\">\n\t\t\t\t\t<div class=\"ekit-wid-con\" >        <!-- link opening -->\n                <!-- end link opening -->\n\n        <div class=\"elementskit-infobox text-center text-center icon-top-align elementor-animation-  gradient-active image-active hover_from_left\">\n                            <div class=\"elementskit-box-header\">\n                <div class=\"elementskit-info-box-icon \">\n                    <img loading=\"lazy\" decoding=\"async\" width=\"73\" height=\"65\" src=\"https:\/\/reciclajesymetalesperez.com\/wp-content\/uploads\/2023\/02\/Mesa-de-trabajo-1.svg\" class=\"attachment- size-\" alt=\"\" \/>                <\/div>\n          <\/div>\n                <div class=\"box-body\">\n                            <h3 class=\"elementskit-info-box-title\">\n                    Vehicle scrapping                <\/h3>\n                                                    <div class=\"box-footer disable_hover_button\">\n                    <div class=\"btn-wraper\">\n                                                            <a class=\"elementskit-btn whitespace--normal\" href=\"http:\/\/reciclajesymetalesperez.com\/recambios-de-vehiculos\">\n                                        LEARN MORE                                        <i aria-hidden=\"true\" class=\"fas fa-arrow-right\"><\/i>                                    <\/a>\n                                                        <\/div>\n                <\/div>\n                    <\/div>\n        \n                    <figure class=\"image-hover\"><img loading=\"lazy\" decoding=\"async\" width=\"1728\" height=\"1708\" src=\"https:\/\/reciclajesymetalesperez.com\/wp-content\/uploads\/2023\/02\/close-up-of-brand-new-car-engine-gears-2021-09-02-15-23-14-utc-scaled-e1675698634806.jpg\" class=\"attachment- size-\" alt=\"\" srcset=\"https:\/\/reciclajesymetalesperez.com\/wp-content\/uploads\/2023\/02\/close-up-of-brand-new-car-engine-gears-2021-09-02-15-23-14-utc-scaled-e1675698634806.jpg 1728w, https:\/\/reciclajesymetalesperez.com\/wp-content\/uploads\/2023\/02\/close-up-of-brand-new-car-engine-gears-2021-09-02-15-23-14-utc-scaled-e1675698634806-300x297.jpg 300w, https:\/\/reciclajesymetalesperez.com\/wp-content\/uploads\/2023\/02\/close-up-of-brand-new-car-engine-gears-2021-09-02-15-23-14-utc-scaled-e1675698634806-1024x1012.jpg 1024w, https:\/\/reciclajesymetalesperez.com\/wp-content\/uploads\/2023\/02\/close-up-of-brand-new-car-engine-gears-2021-09-02-15-23-14-utc-scaled-e1675698634806-768x759.jpg 768w, https:\/\/reciclajesymetalesperez.com\/wp-content\/uploads\/2023\/02\/close-up-of-brand-new-car-engine-gears-2021-09-02-15-23-14-utc-scaled-e1675698634806-1536x1518.jpg 1536w\" sizes=\"(max-width: 1728px) 100vw, 1728px\" \/><\/figure>        \n                <\/div>\n        <\/div>\t\t\t\t<\/div>\n\t\t\t\t<\/div>\n\t\t\t\t<div class=\"elementor-element elementor-element-40ea2a2 ekit-equal-height-disable elementor-invisible elementor-widget elementor-widget-elementskit-icon-box\" data-id=\"40ea2a2\" data-element_type=\"widget\" data-e-type=\"widget\" data-settings=\"{&quot;_animation&quot;:&quot;fadeInUp&quot;}\" data-widget_type=\"elementskit-icon-box.default\">\n\t\t\t\t<div class=\"elementor-widget-container\">\n\t\t\t\t\t<div class=\"ekit-wid-con\" >        <!-- link opening -->\n                <!-- end link opening -->\n\n        <div class=\"elementskit-infobox text-center text-center icon-top-align elementor-animation-  gradient-active image-active hover_from_left\">\n                            <div class=\"elementskit-box-header\">\n                <div class=\"elementskit-info-box-icon \">\n                    <img loading=\"lazy\" decoding=\"async\" width=\"73\" height=\"65\" src=\"https:\/\/reciclajesymetalesperez.com\/wp-content\/uploads\/2023\/02\/Mesa-de-trabajo-1-copia-4.svg\" class=\"attachment- size-\" alt=\"\" \/>                <\/div>\n          <\/div>\n                <div class=\"box-body\">\n                            <h3 class=\"elementskit-info-box-title\">\n                    Vehicle scrapping                <\/h3>\n                                                    <div class=\"box-footer disable_hover_button\">\n                    <div class=\"btn-wraper\">\n                                                            <a class=\"elementskit-btn whitespace--normal\" href=\"http:\/\/reciclajesymetalesperez.com\/desguace-de-vehiculos\">\n                                        LEARN MORE                                        <i aria-hidden=\"true\" class=\"fas fa-arrow-right\"><\/i>                                    <\/a>\n                                                        <\/div>\n                <\/div>\n                    <\/div>\n        \n                    <figure class=\"image-hover\"><img loading=\"lazy\" decoding=\"async\" width=\"2560\" height=\"1707\" src=\"https:\/\/reciclajesymetalesperez.com\/wp-content\/uploads\/2023\/02\/01.-Metales_perez_autodesguace_mallorca-47_recambio-vehiculos-scaled.jpg\" class=\"attachment- size-\" alt=\"\" srcset=\"https:\/\/reciclajesymetalesperez.com\/wp-content\/uploads\/2023\/02\/01.-Metales_perez_autodesguace_mallorca-47_recambio-vehiculos-scaled.jpg 2560w, https:\/\/reciclajesymetalesperez.com\/wp-content\/uploads\/2023\/02\/01.-Metales_perez_autodesguace_mallorca-47_recambio-vehiculos-300x200.jpg 300w, https:\/\/reciclajesymetalesperez.com\/wp-content\/uploads\/2023\/02\/01.-Metales_perez_autodesguace_mallorca-47_recambio-vehiculos-1024x683.jpg 1024w, https:\/\/reciclajesymetalesperez.com\/wp-content\/uploads\/2023\/02\/01.-Metales_perez_autodesguace_mallorca-47_recambio-vehiculos-768x512.jpg 768w, https:\/\/reciclajesymetalesperez.com\/wp-content\/uploads\/2023\/02\/01.-Metales_perez_autodesguace_mallorca-47_recambio-vehiculos-1536x1024.jpg 1536w, https:\/\/reciclajesymetalesperez.com\/wp-content\/uploads\/2023\/02\/01.-Metales_perez_autodesguace_mallorca-47_recambio-vehiculos-2048x1365.jpg 2048w\" sizes=\"(max-width: 2560px) 100vw, 2560px\" \/><\/figure>        \n                <\/div>\n        <\/div>\t\t\t\t<\/div>\n\t\t\t\t<\/div>\n\t\t\t\t<div class=\"elementor-element elementor-element-885564d ekit-equal-height-disable elementor-invisible elementor-widget elementor-widget-elementskit-icon-box\" data-id=\"885564d\" data-element_type=\"widget\" data-e-type=\"widget\" data-settings=\"{&quot;_animation&quot;:&quot;fadeInRight&quot;}\" data-widget_type=\"elementskit-icon-box.default\">\n\t\t\t\t<div class=\"elementor-widget-container\">\n\t\t\t\t\t<div class=\"ekit-wid-con\" >        <!-- link opening -->\n                <!-- end link opening -->\n\n        <div class=\"elementskit-infobox text-center text-center icon-top-align elementor-animation-  gradient-active image-active hover_from_left\">\n                            <div class=\"elementskit-box-header\">\n                <div class=\"elementskit-info-box-icon \">\n                    <img loading=\"lazy\" decoding=\"async\" width=\"73\" height=\"65\" src=\"https:\/\/reciclajesymetalesperez.com\/wp-content\/uploads\/2023\/02\/Mesa-de-trabajo-1-copia-3.svg\" class=\"attachment- size-\" alt=\"\" \/>                <\/div>\n          <\/div>\n                <div class=\"box-body\">\n                            <h3 class=\"elementskit-info-box-title\">\n                    Second-hand items                <\/h3>\n                                                    <div class=\"box-footer disable_hover_button\">\n                    <div class=\"btn-wraper\">\n                                                            <a class=\"elementskit-btn whitespace--normal\" href=\"http:\/\/reciclajesymetalesperez.com\/vaciado-de-casas\">\n                                        LEARN MORE                                        <i aria-hidden=\"true\" class=\"fas fa-arrow-right\"><\/i>                                    <\/a>\n                                                        <\/div>\n                <\/div>\n                    <\/div>\n        \n                    <figure class=\"image-hover\"><img loading=\"lazy\" decoding=\"async\" width=\"1267\" height=\"1267\" src=\"https:\/\/reciclajesymetalesperez.com\/wp-content\/uploads\/2023\/02\/house-living-room-interior-furniture-background-3-2022-12-16-12-21-30-utc-scaled-e1675698582100.jpg\" class=\"attachment- size-\" alt=\"\" srcset=\"https:\/\/reciclajesymetalesperez.com\/wp-content\/uploads\/2023\/02\/house-living-room-interior-furniture-background-3-2022-12-16-12-21-30-utc-scaled-e1675698582100.jpg 1267w, https:\/\/reciclajesymetalesperez.com\/wp-content\/uploads\/2023\/02\/house-living-room-interior-furniture-background-3-2022-12-16-12-21-30-utc-scaled-e1675698582100-300x300.jpg 300w, https:\/\/reciclajesymetalesperez.com\/wp-content\/uploads\/2023\/02\/house-living-room-interior-furniture-background-3-2022-12-16-12-21-30-utc-scaled-e1675698582100-1024x1024.jpg 1024w, https:\/\/reciclajesymetalesperez.com\/wp-content\/uploads\/2023\/02\/house-living-room-interior-furniture-background-3-2022-12-16-12-21-30-utc-scaled-e1675698582100-150x150.jpg 150w, https:\/\/reciclajesymetalesperez.com\/wp-content\/uploads\/2023\/02\/house-living-room-interior-furniture-background-3-2022-12-16-12-21-30-utc-scaled-e1675698582100-768x768.jpg 768w\" sizes=\"(max-width: 1267px) 100vw, 1267px\" \/><\/figure>        \n                <\/div>\n        <\/div>\t\t\t\t<\/div>\n\t\t\t\t<\/div>\n\t\t\t\t\t<\/div>\n\t\t<\/div>\n\t\t\t\t\t<\/div>\n\t\t<\/section>\n\t\t\t\t<\/div>\n\t\t\n    <div class=\"xs_social_share_widget xs_share_url after_content \t\tmain_content  wslu-style-1 wslu-share-box-shaped wslu-fill-colored wslu-none wslu-share-horizontal wslu-theme-font-no wslu-main_content\">\n\n\t\t\n        <ul>\n\t\t\t        <\/ul>\n    <\/div> \n","protected":false},"excerpt":{"rendered":"<p>SECOND-HAND ITEMS Exhibition\u2019s items you would never expect to find Second-hand articles in Mallorca Recycling we all win. That&#8217;s why in our exhibition of second-hand items in Mallorca you will find unique pieces. Feel like you are in a flea market and browse through our large space in search of items of all kinds. We [&hellip;]<\/p>\n","protected":false},"author":1,"featured_media":0,"parent":0,"menu_order":0,"comment_status":"closed","ping_status":"closed","template":"elementor_header_footer","meta":{"footnotes":""},"class_list":["post-1485","page","type-page","status-publish","hentry"],"yoast_head":"<!-- This site is optimized with the Yoast SEO plugin v27.4 - https:\/\/yoast.com\/product\/yoast-seo-wordpress\/ -->\n<title>Second-hand articles - Reciclajes y Metales P\u00e9rez<\/title>\n<meta name=\"robots\" content=\"index, follow, max-snippet:-1, max-image-preview:large, max-video-preview:-1\" \/>\n<link rel=\"canonical\" href=\"https:\/\/reciclajesymetalesperez.com\/en\/second-hand-articles\" \/>\n<meta property=\"og:locale\" content=\"en_US\" \/>\n<meta property=\"og:type\" content=\"article\" \/>\n<meta property=\"og:title\" content=\"Second-hand articles - Reciclajes y Metales P\u00e9rez\" \/>\n<meta property=\"og:description\" content=\"SECOND-HAND ITEMS Exhibition\u2019s items you would never expect to find Second-hand articles in Mallorca Recycling we all win. That&#8217;s why in our exhibition of second-hand items in Mallorca you will find unique pieces. Feel like you are in a flea market and browse through our large space in search of items of all kinds. We [&hellip;]\" \/>\n<meta property=\"og:url\" content=\"https:\/\/reciclajesymetalesperez.com\/en\/second-hand-articles\" \/>\n<meta property=\"og:site_name\" content=\"Reciclajes y Metales P\u00e9rez\" \/>\n<meta property=\"article:modified_time\" content=\"2023-03-13T12:07:02+00:00\" \/>\n<meta property=\"og:image\" content=\"https:\/\/reciclajesymetalesperez.com\/wp-content\/uploads\/2023\/02\/Metales_perez_autodesguace_mallorca-37-scaled.jpg\" \/>\n<meta name=\"twitter:card\" content=\"summary_large_image\" \/>\n<meta name=\"twitter:label1\" content=\"Est. reading time\" \/>\n\t<meta name=\"twitter:data1\" content=\"2 minutes\" \/>\n<script type=\"application\/ld+json\" class=\"yoast-schema-graph\">{\"@context\":\"https:\\\/\\\/schema.org\",\"@graph\":[{\"@type\":\"WebPage\",\"@id\":\"https:\\\/\\\/reciclajesymetalesperez.com\\\/en\\\/second-hand-articles\",\"url\":\"https:\\\/\\\/reciclajesymetalesperez.com\\\/en\\\/second-hand-articles\",\"name\":\"Second-hand articles - Reciclajes y Metales P\u00e9rez\",\"isPartOf\":{\"@id\":\"https:\\\/\\\/reciclajesymetalesperez.com\\\/en#website\"},\"primaryImageOfPage\":{\"@id\":\"https:\\\/\\\/reciclajesymetalesperez.com\\\/en\\\/second-hand-articles#primaryimage\"},\"image\":{\"@id\":\"https:\\\/\\\/reciclajesymetalesperez.com\\\/en\\\/second-hand-articles#primaryimage\"},\"thumbnailUrl\":\"https:\\\/\\\/reciclajesymetalesperez.com\\\/wp-content\\\/uploads\\\/2023\\\/02\\\/Metales_perez_autodesguace_mallorca-37-scaled.jpg\",\"datePublished\":\"2023-02-07T11:00:59+00:00\",\"dateModified\":\"2023-03-13T12:07:02+00:00\",\"breadcrumb\":{\"@id\":\"https:\\\/\\\/reciclajesymetalesperez.com\\\/en\\\/second-hand-articles#breadcrumb\"},\"inLanguage\":\"en-US\",\"potentialAction\":[{\"@type\":\"ReadAction\",\"target\":[\"https:\\\/\\\/reciclajesymetalesperez.com\\\/en\\\/second-hand-articles\"]}]},{\"@type\":\"ImageObject\",\"inLanguage\":\"en-US\",\"@id\":\"https:\\\/\\\/reciclajesymetalesperez.com\\\/en\\\/second-hand-articles#primaryimage\",\"url\":\"https:\\\/\\\/reciclajesymetalesperez.com\\\/wp-content\\\/uploads\\\/2023\\\/02\\\/Metales_perez_autodesguace_mallorca-37-scaled.jpg\",\"contentUrl\":\"https:\\\/\\\/reciclajesymetalesperez.com\\\/wp-content\\\/uploads\\\/2023\\\/02\\\/Metales_perez_autodesguace_mallorca-37-scaled.jpg\"},{\"@type\":\"BreadcrumbList\",\"@id\":\"https:\\\/\\\/reciclajesymetalesperez.com\\\/en\\\/second-hand-articles#breadcrumb\",\"itemListElement\":[{\"@type\":\"ListItem\",\"position\":1,\"name\":\"Portada\",\"item\":\"https:\\\/\\\/reciclajesymetalesperez.com\\\/en\"},{\"@type\":\"ListItem\",\"position\":2,\"name\":\"Second-hand articles\"}]},{\"@type\":\"WebSite\",\"@id\":\"https:\\\/\\\/reciclajesymetalesperez.com\\\/en#website\",\"url\":\"https:\\\/\\\/reciclajesymetalesperez.com\\\/en\",\"name\":\"Reciclajes y Metales P\u00e9rez\",\"description\":\"L\u00edderes en Mallorca con m\u00e1s de 40 a\u00f1os de experiencia en el sector del reciclaje y metales\",\"publisher\":{\"@id\":\"https:\\\/\\\/reciclajesymetalesperez.com\\\/en#organization\"},\"potentialAction\":[{\"@type\":\"SearchAction\",\"target\":{\"@type\":\"EntryPoint\",\"urlTemplate\":\"https:\\\/\\\/reciclajesymetalesperez.com\\\/en?s={search_term_string}\"},\"query-input\":{\"@type\":\"PropertyValueSpecification\",\"valueRequired\":true,\"valueName\":\"search_term_string\"}}],\"inLanguage\":\"en-US\"},{\"@type\":\"Organization\",\"@id\":\"https:\\\/\\\/reciclajesymetalesperez.com\\\/en#organization\",\"name\":\"Reciclajes y Metales P\u00e9rez\",\"url\":\"https:\\\/\\\/reciclajesymetalesperez.com\\\/en\",\"logo\":{\"@type\":\"ImageObject\",\"inLanguage\":\"en-US\",\"@id\":\"https:\\\/\\\/reciclajesymetalesperez.com\\\/en#\\\/schema\\\/logo\\\/image\\\/\",\"url\":\"https:\\\/\\\/reciclajesymetalesperez.com\\\/wp-content\\\/uploads\\\/2023\\\/02\\\/cropped-favicon.jpg\",\"contentUrl\":\"https:\\\/\\\/reciclajesymetalesperez.com\\\/wp-content\\\/uploads\\\/2023\\\/02\\\/cropped-favicon.jpg\",\"width\":512,\"height\":512,\"caption\":\"Reciclajes y Metales P\u00e9rez\"},\"image\":{\"@id\":\"https:\\\/\\\/reciclajesymetalesperez.com\\\/en#\\\/schema\\\/logo\\\/image\\\/\"}}]}<\/script>\n<!-- \/ Yoast SEO plugin. -->","yoast_head_json":{"title":"Second-hand articles - Reciclajes y Metales P\u00e9rez","robots":{"index":"index","follow":"follow","max-snippet":"max-snippet:-1","max-image-preview":"max-image-preview:large","max-video-preview":"max-video-preview:-1"},"canonical":"https:\/\/reciclajesymetalesperez.com\/en\/second-hand-articles","og_locale":"en_US","og_type":"article","og_title":"Second-hand articles - Reciclajes y Metales P\u00e9rez","og_description":"SECOND-HAND ITEMS Exhibition\u2019s items you would never expect to find Second-hand articles in Mallorca Recycling we all win. That&#8217;s why in our exhibition of second-hand items in Mallorca you will find unique pieces. Feel like you are in a flea market and browse through our large space in search of items of all kinds. We [&hellip;]","og_url":"https:\/\/reciclajesymetalesperez.com\/en\/second-hand-articles","og_site_name":"Reciclajes y Metales P\u00e9rez","article_modified_time":"2023-03-13T12:07:02+00:00","og_image":[{"url":"https:\/\/reciclajesymetalesperez.com\/wp-content\/uploads\/2023\/02\/Metales_perez_autodesguace_mallorca-37-scaled.jpg","type":"","width":"","height":""}],"twitter_card":"summary_large_image","twitter_misc":{"Est. reading time":"2 minutes"},"schema":{"@context":"https:\/\/schema.org","@graph":[{"@type":"WebPage","@id":"https:\/\/reciclajesymetalesperez.com\/en\/second-hand-articles","url":"https:\/\/reciclajesymetalesperez.com\/en\/second-hand-articles","name":"Second-hand articles - Reciclajes y Metales P\u00e9rez","isPartOf":{"@id":"https:\/\/reciclajesymetalesperez.com\/en#website"},"primaryImageOfPage":{"@id":"https:\/\/reciclajesymetalesperez.com\/en\/second-hand-articles#primaryimage"},"image":{"@id":"https:\/\/reciclajesymetalesperez.com\/en\/second-hand-articles#primaryimage"},"thumbnailUrl":"https:\/\/reciclajesymetalesperez.com\/wp-content\/uploads\/2023\/02\/Metales_perez_autodesguace_mallorca-37-scaled.jpg","datePublished":"2023-02-07T11:00:59+00:00","dateModified":"2023-03-13T12:07:02+00:00","breadcrumb":{"@id":"https:\/\/reciclajesymetalesperez.com\/en\/second-hand-articles#breadcrumb"},"inLanguage":"en-US","potentialAction":[{"@type":"ReadAction","target":["https:\/\/reciclajesymetalesperez.com\/en\/second-hand-articles"]}]},{"@type":"ImageObject","inLanguage":"en-US","@id":"https:\/\/reciclajesymetalesperez.com\/en\/second-hand-articles#primaryimage","url":"https:\/\/reciclajesymetalesperez.com\/wp-content\/uploads\/2023\/02\/Metales_perez_autodesguace_mallorca-37-scaled.jpg","contentUrl":"https:\/\/reciclajesymetalesperez.com\/wp-content\/uploads\/2023\/02\/Metales_perez_autodesguace_mallorca-37-scaled.jpg"},{"@type":"BreadcrumbList","@id":"https:\/\/reciclajesymetalesperez.com\/en\/second-hand-articles#breadcrumb","itemListElement":[{"@type":"ListItem","position":1,"name":"Portada","item":"https:\/\/reciclajesymetalesperez.com\/en"},{"@type":"ListItem","position":2,"name":"Second-hand articles"}]},{"@type":"WebSite","@id":"https:\/\/reciclajesymetalesperez.com\/en#website","url":"https:\/\/reciclajesymetalesperez.com\/en","name":"Reciclajes y Metales P\u00e9rez","description":"L\u00edderes en Mallorca con m\u00e1s de 40 a\u00f1os de experiencia en el sector del reciclaje y metales","publisher":{"@id":"https:\/\/reciclajesymetalesperez.com\/en#organization"},"potentialAction":[{"@type":"SearchAction","target":{"@type":"EntryPoint","urlTemplate":"https:\/\/reciclajesymetalesperez.com\/en?s={search_term_string}"},"query-input":{"@type":"PropertyValueSpecification","valueRequired":true,"valueName":"search_term_string"}}],"inLanguage":"en-US"},{"@type":"Organization","@id":"https:\/\/reciclajesymetalesperez.com\/en#organization","name":"Reciclajes y Metales P\u00e9rez","url":"https:\/\/reciclajesymetalesperez.com\/en","logo":{"@type":"ImageObject","inLanguage":"en-US","@id":"https:\/\/reciclajesymetalesperez.com\/en#\/schema\/logo\/image\/","url":"https:\/\/reciclajesymetalesperez.com\/wp-content\/uploads\/2023\/02\/cropped-favicon.jpg","contentUrl":"https:\/\/reciclajesymetalesperez.com\/wp-content\/uploads\/2023\/02\/cropped-favicon.jpg","width":512,"height":512,"caption":"Reciclajes y Metales P\u00e9rez"},"image":{"@id":"https:\/\/reciclajesymetalesperez.com\/en#\/schema\/logo\/image\/"}}]}},"_links":{"self":[{"href":"https:\/\/reciclajesymetalesperez.com\/en\/wp-json\/wp\/v2\/pages\/1485","targetHints":{"allow":["GET"]}}],"collection":[{"href":"https:\/\/reciclajesymetalesperez.com\/en\/wp-json\/wp\/v2\/pages"}],"about":[{"href":"https:\/\/reciclajesymetalesperez.com\/en\/wp-json\/wp\/v2\/types\/page"}],"author":[{"embeddable":true,"href":"https:\/\/reciclajesymetalesperez.com\/en\/wp-json\/wp\/v2\/users\/1"}],"replies":[{"embeddable":true,"href":"https:\/\/reciclajesymetalesperez.com\/en\/wp-json\/wp\/v2\/comments?post=1485"}],"version-history":[{"count":3,"href":"https:\/\/reciclajesymetalesperez.com\/en\/wp-json\/wp\/v2\/pages\/1485\/revisions"}],"predecessor-version":[{"id":1488,"href":"https:\/\/reciclajesymetalesperez.com\/en\/wp-json\/wp\/v2\/pages\/1485\/revisions\/1488"}],"wp:attachment":[{"href":"https:\/\/reciclajesymetalesperez.com\/en\/wp-json\/wp\/v2\/media?parent=1485"}],"curies":[{"name":"wp","href":"https:\/\/api.w.org\/{rel}","templated":true}]}}